{"id":1390,"date":"2025-01-17T09:38:57","date_gmt":"2025-01-17T08:38:57","guid":{"rendered":"https:\/\/www.vs-aschach-donau.at\/wp\/home\/"},"modified":"2026-03-26T15:37:17","modified_gmt":"2026-03-26T14:37:17","slug":"home","status":"publish","type":"page","link":"https:\/\/www.vs-aschach-donau.at\/wp\/","title":{"rendered":"Home"},"content":{"rendered":"\n<div class=\"wp-block-uagb-container uagb-block-712b80e8 alignfull uagb-is-root-container\"><div class=\"uagb-container-inner-blocks-wrap\">\n<div class=\"wp-block-uagb-container uagb-layout-grid uagb-block-4d685061\">\n<div class=\"wp-block-uagb-container uagb-block-d0aafdba\">\n<div class=\"wp-block-uagb-info-box uagb-block-b9c06efa uagb-infobox__content-wrap  uagb-infobox-icon-above-title uagb-infobox-image-valign-top\"><div class=\"uagb-ifb-content\"><div class=\"uagb-ifb-title-wrap\"><h6 class=\"uagb-ifb-title-prefix\">Herzlich Willkommen!<\/h6><h1 class=\"uagb-ifb-title\">Volksschule Aschach<\/h1><\/div><\/div><\/div>\n\n\n\n<div class=\"wp-block-uagb-info-box uagb-block-e8bf1869 uagb-infobox__content-wrap  uagb-infobox-icon-above-title uagb-infobox-image-valign-top\"><div class=\"uagb-ifb-content\"><div class=\"uagb-ifb-title-wrap\"><\/div><p class=\"uagb-ifb-desc\"><strong>Sei neugierig, stelle Fragen und h\u00f6re nie auf zu lernen.<\/strong><br><br>Unsere Schule ist ein <strong>Ort des Lernens, der Begegnung und des Miteinanders<\/strong>. Hier unterst\u00fctzen wir unsere Sch\u00fclerInnen auf ihrem Weg zu selbstst\u00e4ndigen und verantwortungsbewussten Menschen. <\/p><\/div><\/div>\n\n\n\n<div class=\"wp-block-uagb-container uagb-layout-flex uagb-block-9e5e70b0 default uagb-is-root-container\">\n<div class=\"wp-block-uagb-buttons uagb-buttons__outer-wrap uagb-btn__default-btn uagb-btn-tablet__default-btn uagb-btn-mobile__default-btn uagb-block-5bc62a89\"><div class=\"uagb-buttons__wrap uagb-buttons-layout-wrap \">\n<div class=\"wp-block-uagb-buttons-child uagb-buttons__outer-wrap uagb-block-9571f666 wp-block-button\"><div class=\"uagb-button__wrapper\"><a class=\"uagb-buttons-repeater wp-block-button__link\" aria-label=\"\" href=\"#ueber-uns\" rel=\"follow noopener\" target=\"_self\" role=\"button\"><div class=\"uagb-button__link\">Mehr erfahren<\/div><\/a><\/div><\/div>\n<\/div><\/div>\n\n\n\n<div class=\"wp-block-uagb-info-box uagb-block-ba0200ba uagb-infobox__content-wrap  uagb-infobox-icon-left uagb-infobox-left uagb-infobox-image-valign-middle\"><div class=\"uagb-ifb-icon-wrap\"><div class=\"uagb-iconbox-icon-wrap uagb-infobox-shape-circle\"><svg xmlns=\"https:\/\/www.w3.org\/2000\/svg\" viewBox=\"0 0 512 512\"><path d=\"M18.92 351.2l108.5-46.52c12.78-5.531 27.77-1.801 36.45 8.98l44.09 53.82c69.25-34 125.5-90.31 159.5-159.5l-53.81-44.04c-10.75-8.781-14.41-23.69-8.974-36.47l46.51-108.5c6.094-13.91 21.1-21.52 35.79-18.11l100.8 23.25c14.25 3.25 24.22 15.8 24.22 30.46c0 252.3-205.2 457.5-457.5 457.5c-14.67 0-27.18-9.968-30.45-24.22l-23.25-100.8C-2.571 372.4 5.018 357.2 18.92 351.2z\"><\/path><\/svg><\/div><\/div><div class=\"uagb-ifb-content\"><div class=\"uagb-ifb-title-wrap\"><h5 class=\"uagb-ifb-title\"><a href=\"tel:004372738837\" data-type=\"tel\" data-id=\"tel:004372738837\">+43 (0)7273 8837<\/a><\/h5><\/div><\/div><\/div>\n<\/div>\n<\/div>\n\n\n\n<div class=\"wp-block-uagb-image uagb-block-d16b4c9c wp-block-uagb-image--layout-default wp-block-uagb-image--effect-static wp-block-uagb-image--align-none\"><figure class=\"wp-block-uagb-image__figure\"><img decoding=\"async\" srcset=\"https:\/\/www.vs-aschach-donau.at\/wp\/wp-content\/uploads\/2026\/01\/Schueler.jpg ,https:\/\/www.vs-aschach-donau.at\/wp\/wp-content\/uploads\/2026\/01\/Schueler.jpg 780w, https:\/\/www.vs-aschach-donau.at\/wp\/wp-content\/uploads\/2026\/01\/Schueler.jpg 360w\" sizes=\"auto, (max-width: 480px) 150px\" src=\"https:\/\/www.vs-aschach-donau.at\/wp\/wp-content\/uploads\/2026\/01\/Schueler.jpg\" alt=\"\" class=\"uag-image-4576\" width=\"320\" height=\"440\" title=\"Schueler\" loading=\"lazy\" role=\"img\"\/><\/figure><\/div>\n<\/div>\n<\/div><\/div>\n\n\n\n<div id=\"ueber-uns\" class=\"wp-block-uagb-container uagb-block-1900f246 alignfull uagb-is-root-container\"><div class=\"uagb-container-inner-blocks-wrap\">\n<div class=\"wp-block-uagb-image uagb-block-3668508b wp-block-uagb-image--layout-default wp-block-uagb-image--effect-static wp-block-uagb-image--align-none\"><figure class=\"wp-block-uagb-image__figure\"><img decoding=\"async\" srcset=\"https:\/\/www.vs-aschach-donau.at\/wp\/wp-content\/uploads\/2026\/01\/Haende.jpg ,https:\/\/www.vs-aschach-donau.at\/wp\/wp-content\/uploads\/2026\/01\/Haende.jpg 780w, https:\/\/www.vs-aschach-donau.at\/wp\/wp-content\/uploads\/2026\/01\/Haende.jpg 360w\" sizes=\"auto, (max-width: 480px) 150px\" src=\"https:\/\/www.vs-aschach-donau.at\/wp\/wp-content\/uploads\/2026\/01\/Haende.jpg\" alt=\"\" class=\"uag-image-4587\" width=\"550\" height=\"366\" title=\"Haende\" loading=\"lazy\" role=\"img\"\/><\/figure><\/div>\n\n\n\n<div class=\"wp-block-uagb-info-box uagb-block-25e98794 uagb-infobox__content-wrap  uagb-infobox-icon-above-title uagb-infobox-image-valign-top\"><div class=\"uagb-ifb-content\"><div class=\"uagb-ifb-title-wrap\"><h6 class=\"uagb-ifb-title-prefix\">\u00dcber uns<\/h6><h2 class=\"uagb-ifb-title\">Unsere Werte f\u00fcr eine starke Gemeinschaft<\/h2><\/div><p class=\"uagb-ifb-desc\">Als Team aus engagierten Lehrerinnen stehen wir Ihnen jederzeit f\u00fcr Fragen und Anliegen zur Verf\u00fcgung. Wir arbeiten gemeinsam daran, die individuellen St\u00e4rken und Talente jedes Kindes zu f\u00f6rdern und f\u00fcr eine erfolgreiche Schullaufbahn zu sorgen.<br><\/p><div class=\"uagb-ifb-button-wrapper wp-block-button\"><a href=\"https:\/\/www.vs-aschach-donau.at\/wp\/informationen\" class=\"uagb-infobox-cta-link wp-block-button__link\" target=\"_self\" rel=\"noopener noreferrer\" onclick=\"return true;\"><span class=\"uagb-inline-editing\">Weitere Informationen<\/span><\/a><\/div><\/div><\/div>\n<\/div><\/div>\n\n\n\n<div class=\"wp-block-uagb-container uagb-layout-grid uagb-block-d55e5c21 alignfull uagb-is-root-container\"><div class=\"uagb-container-inner-blocks-wrap\">\n<div class=\"wp-block-uagb-container uagb-block-0002cd5e\">\n<div class=\"wp-block-uagb-info-box uagb-block-802a78d5 uagb-infobox__content-wrap  uagb-infobox-icon-above-title uagb-infobox-image-valign-top\"><div class=\"uagb-ifb-content\"><div class=\"uagb-ifb-icon-wrap\"><svg xmlns=\"https:\/\/www.w3.org\/2000\/svg\" viewBox=\"0 0 448 512\"><path d=\"M96 224C84.72 224 74.05 226.3 64 229.9V224c0-35.3 28.7-64 64-64c17.67 0 32-14.33 32-32S145.7 96 128 96C57.42 96 0 153.4 0 224v96c0 53.02 42.98 96 96 96s96-42.98 96-96S149 224 96 224zM352 224c-11.28 0-21.95 2.305-32 5.879V224c0-35.3 28.7-64 64-64c17.67 0 32-14.33 32-32s-14.33-32-32-32c-70.58 0-128 57.42-128 128v96c0 53.02 42.98 96 96 96s96-42.98 96-96S405 224 352 224z\"><\/path><\/svg><\/div><div class=\"uagb-ifb-title-wrap\"><p class=\"uagb-ifb-title\">An der Volksschule Aschach begleiten wir jedes Kind individuell, f\u00f6rdern das Miteinander und legen gemeinsam den Grundstein f\u00fcr die Zukunft.<\/p><\/div><\/div><\/div>\n\n\n\n<div class=\"wp-block-uagb-info-box uagb-block-6cbc4513 uagb-infobox__content-wrap  uagb-infobox-icon-above-title uagb-infobox-image-valign-top\"><div class=\"uagb-ifb-content\"><div class=\"uagb-ifb-title-wrap\"><h5 class=\"uagb-ifb-title\">Birgit Eder<\/h5><\/div><p class=\"uagb-ifb-desc\">Oberschulr\u00e4tin &amp; Direktorin<\/p><\/div><\/div>\n<\/div>\n\n\n\n<div class=\"wp-block-uagb-image alignleft uagb-block-05c5d1f4 wp-block-uagb-image--layout-default wp-block-uagb-image--effect-static wp-block-uagb-image--align-left\"><figure class=\"wp-block-uagb-image__figure\"><img decoding=\"async\" srcset=\"https:\/\/www.vs-aschach-donau.at\/wp\/wp-content\/uploads\/2026\/01\/Birgit_Eder.jpg ,https:\/\/www.vs-aschach-donau.at\/wp\/wp-content\/uploads\/2026\/01\/Birgit_Eder.jpg 780w, https:\/\/www.vs-aschach-donau.at\/wp\/wp-content\/uploads\/2026\/01\/Birgit_Eder.jpg 360w\" sizes=\"auto, (max-width: 480px) 150px\" src=\"https:\/\/www.vs-aschach-donau.at\/wp\/wp-content\/uploads\/2026\/01\/Birgit_Eder.jpg\" alt=\"Birgit Eder\" class=\"uag-image-4554\" width=\"320\" height=\"440\" title=\"Birgit Eder\" loading=\"lazy\" role=\"img\"\/><\/figure><\/div>\n<\/div><\/div>\n\n\n\n<div class=\"wp-block-uagb-container uagb-block-c14af0c7 alignfull uagb-is-root-container\"><div class=\"uagb-container-inner-blocks-wrap\">\n<div class=\"wp-block-uagb-info-box uagb-block-03916369 uagb-infobox__content-wrap  uagb-infobox-icon-above-title uagb-infobox-image-valign-top wp-block-uagb-info-box--has-margin\"><div class=\"uagb-infobox-margin-wrapper\"><div class=\"uagb-ifb-content\"><div class=\"uagb-ifb-title-wrap\"><h6 class=\"uagb-ifb-title-prefix\">Schulalltag entdecken<\/h6><h2 class=\"uagb-ifb-title\">Bildung mit Herz<\/h2><\/div><\/div><\/div><\/div>\n\n\n\n<div class=\"wp-block-uagb-container uagb-block-41c3ba05\">\n<div class=\"wp-block-uagb-container uagb-block-c1fadbdc\">\n<div class=\"wp-block-uagb-image uagb-block-38bd4052 wp-block-uagb-image--layout-default wp-block-uagb-image--effect-static wp-block-uagb-image--align-none\"><figure class=\"wp-block-uagb-image__figure\"><img decoding=\"async\" srcset=\"https:\/\/www.vs-aschach-donau.at\/wp\/wp-content\/uploads\/2026\/01\/Aktuelles_sized.jpg ,https:\/\/www.vs-aschach-donau.at\/wp\/wp-content\/uploads\/2026\/01\/Aktuelles_sized.jpg 780w, https:\/\/www.vs-aschach-donau.at\/wp\/wp-content\/uploads\/2026\/01\/Aktuelles_sized.jpg 360w\" sizes=\"auto, (max-width: 480px) 150px\" src=\"https:\/\/www.vs-aschach-donau.at\/wp\/wp-content\/uploads\/2026\/01\/Aktuelles_sized.jpg\" alt=\"\" class=\"uag-image-4589\" width=\"352\" height=\"240\" title=\"Aktuelles_sized\" loading=\"lazy\" role=\"img\"\/><\/figure><\/div>\n\n\n\n<div class=\"wp-block-uagb-info-box uagb-block-b1b5b200 uagb-infobox__content-wrap  uagb-infobox-icon-above-title uagb-infobox-image-valign-top\"><div class=\"uagb-ifb-content\"><div class=\"uagb-ifb-title-wrap\"><h4 class=\"uagb-ifb-title\">Aktuelles<\/h4><\/div><p class=\"uagb-ifb-desc\">Hier finden Sie Neuigkeiten, Termine und wichtige Informationen rund um unsere Schule. <\/p><div class=\"uagb-ifb-button-wrapper wp-block-button\"><a href=\"https:\/\/www.vs-aschach-donau.at\/wp\/aktuelles\/\" class=\"uagb-infobox-cta-link wp-block-button__link\" target=\"_self\" rel=\"noopener noreferrer\" onclick=\"return true;\"><span class=\"uagb-inline-editing\">News entdecken<\/span><\/a><\/div><\/div><\/div>\n<\/div>\n\n\n\n<div class=\"wp-block-uagb-container uagb-block-0bd8332b\">\n<div class=\"wp-block-uagb-image uagb-block-71651b35 wp-block-uagb-image--layout-default wp-block-uagb-image--effect-static wp-block-uagb-image--align-none\"><figure class=\"wp-block-uagb-image__figure\"><img decoding=\"async\" srcset=\"https:\/\/www.vs-aschach-donau.at\/wp\/wp-content\/uploads\/2026\/01\/Schuelerinnen.jpg ,https:\/\/www.vs-aschach-donau.at\/wp\/wp-content\/uploads\/2026\/01\/Schuelerinnen.jpg 780w, https:\/\/www.vs-aschach-donau.at\/wp\/wp-content\/uploads\/2026\/01\/Schuelerinnen.jpg 360w\" sizes=\"auto, (max-width: 480px) 150px\" src=\"https:\/\/www.vs-aschach-donau.at\/wp\/wp-content\/uploads\/2026\/01\/Schuelerinnen.jpg\" alt=\"\" class=\"uag-image-4590\" width=\"352\" height=\"240\" title=\"Schuelerinnen\" loading=\"lazy\" role=\"img\"\/><\/figure><\/div>\n\n\n\n<div class=\"wp-block-uagb-info-box uagb-block-3b3a1092 uagb-infobox__content-wrap  uagb-infobox-icon-above-title uagb-infobox-image-valign-top\"><div class=\"uagb-ifb-content\"><div class=\"uagb-ifb-title-wrap\"><h4 class=\"uagb-ifb-title\">Klassen<\/h4><\/div><p class=\"uagb-ifb-desc\">Erfahren Sie mehr \u00fcber unsere Klassen, ihre Besonderheiten und den Schulalltag unserer Sch\u00fclerinnen und Sch\u00fcler.<\/p><div class=\"uagb-ifb-button-wrapper wp-block-button\"><a href=\"https:\/\/www.vs-aschach-donau.at\/wp\/klassen\" class=\"uagb-infobox-cta-link wp-block-button__link\" target=\"_self\" rel=\"noopener noreferrer\" onclick=\"return true;\"><span class=\"uagb-inline-editing\">Klassen ansehen<\/span><\/a><\/div><\/div><\/div>\n<\/div>\n\n\n\n<div class=\"wp-block-uagb-container uagb-block-05c2c440\">\n<div class=\"wp-block-uagb-image uagb-block-a76858f1 wp-block-uagb-image--layout-default wp-block-uagb-image--effect-static wp-block-uagb-image--align-none\"><figure class=\"wp-block-uagb-image__figure\"><img decoding=\"async\" srcset=\"https:\/\/www.vs-aschach-donau.at\/wp\/wp-content\/uploads\/2026\/01\/Lehrerinnen.jpg ,https:\/\/www.vs-aschach-donau.at\/wp\/wp-content\/uploads\/2026\/01\/Lehrerinnen.jpg 780w, https:\/\/www.vs-aschach-donau.at\/wp\/wp-content\/uploads\/2026\/01\/Lehrerinnen.jpg 360w\" sizes=\"auto, (max-width: 480px) 150px\" src=\"https:\/\/www.vs-aschach-donau.at\/wp\/wp-content\/uploads\/2026\/01\/Lehrerinnen.jpg\" alt=\"\" class=\"uag-image-4591\" width=\"352\" height=\"240\" title=\"Lehrerinnen\" loading=\"lazy\" role=\"img\"\/><\/figure><\/div>\n\n\n\n<div class=\"wp-block-uagb-info-box uagb-block-74deb32e uagb-infobox__content-wrap  uagb-infobox-icon-above-title uagb-infobox-image-valign-top\"><div class=\"uagb-ifb-content\"><div class=\"uagb-ifb-title-wrap\"><h4 class=\"uagb-ifb-title\">Team<\/h4><\/div><p class=\"uagb-ifb-desc\">Lernen Sie die engagierten Lehrkr\u00e4fte kennen, die unsere Schule jeden Tag mit Fachwissen und Herz gestalten.<\/p><div class=\"uagb-ifb-button-wrapper wp-block-button\"><a href=\"https:\/\/www.vs-aschach-donau.at\/wp\/team\" class=\"uagb-infobox-cta-link wp-block-button__link\" target=\"_self\" rel=\"noopener noreferrer\" onclick=\"return true;\"><span class=\"uagb-inline-editing\">Team kennenlernen<\/span><\/a><\/div><\/div><\/div>\n<\/div>\n<\/div>\n\n\n\n<div class=\"wp-block-uagb-container uagb-block-b232c3a0 alignfull uagb-is-root-container\"><div class=\"uagb-container-inner-blocks-wrap\">\n<div class=\"wp-block-uagb-image uagb-block-72e2f217 wp-block-uagb-image--layout-default wp-block-uagb-image--effect-static wp-block-uagb-image--align-none\"><figure class=\"wp-block-uagb-image__figure\"><img decoding=\"async\" srcset=\"https:\/\/www.vs-aschach-donau.at\/wp\/wp-content\/uploads\/2026\/01\/buecher-apfel.jpg ,https:\/\/www.vs-aschach-donau.at\/wp\/wp-content\/uploads\/2026\/01\/buecher-apfel.jpg 780w, https:\/\/www.vs-aschach-donau.at\/wp\/wp-content\/uploads\/2026\/01\/buecher-apfel.jpg 360w\" sizes=\"auto, (max-width: 480px) 150px\" src=\"https:\/\/www.vs-aschach-donau.at\/wp\/wp-content\/uploads\/2026\/01\/buecher-apfel.jpg\" alt=\"Stapel B\u00fccher mit Apfel, Buntstiften und ABC-Bausteinen auf einem Tisch\" class=\"uag-image-4597\" width=\"620\" height=\"456\" title=\"buecher-apfel\" loading=\"lazy\" role=\"img\"\/><\/figure><\/div>\n\n\n\n<div class=\"wp-block-uagb-image uagb-block-6c1b4780 wp-block-uagb-image--layout-default wp-block-uagb-image--effect-static wp-block-uagb-image--align-none\"><figure class=\"wp-block-uagb-image__figure\"><img decoding=\"async\" srcset=\"https:\/\/www.vs-aschach-donau.at\/wp\/wp-content\/uploads\/2026\/01\/stifte.jpg ,https:\/\/www.vs-aschach-donau.at\/wp\/wp-content\/uploads\/2026\/01\/stifte.jpg 780w, https:\/\/www.vs-aschach-donau.at\/wp\/wp-content\/uploads\/2026\/01\/stifte.jpg 360w\" sizes=\"auto, (max-width: 480px) 150px\" src=\"https:\/\/www.vs-aschach-donau.at\/wp\/wp-content\/uploads\/2026\/01\/stifte.jpg\" alt=\"Bunte Stifte, Scheren und Textmarker in Metall- und Kunststoffbeh\u00e4ltern im Klassenzimmer\" class=\"uag-image-4595\" width=\"620\" height=\"456\" title=\"stifte\" loading=\"lazy\" role=\"img\"\/><\/figure><\/div>\n<\/div><\/div>\n\n\n\n<div class=\"wp-block-uagb-container uagb-block-7c0d1f78\">\n<div class=\"wp-block-uagb-container uagb-block-24b40891\">\n<div class=\"wp-block-uagb-info-box uagb-block-18a8a3f9 uagb-infobox__content-wrap  uagb-infobox-icon-above-title uagb-infobox-image-valign-top\"><div class=\"uagb-ifb-content\"><div class=\"uagb-ifb-title-wrap\"><h6 class=\"uagb-ifb-title-prefix\">Was uns auszeichnet<\/h6><h2 class=\"uagb-ifb-title\">Fokus auf den individuellen St\u00e4rken<\/h2><\/div><p class=\"uagb-ifb-desc\">Jedes Kind bringt eigene Talente und F\u00e4higkeiten mit. In unserer Schule f\u00f6rdern wir diese gezielt und begleiten die Kinder wertsch\u00e4tzend auf ihrem pers\u00f6nlichen Lernweg. So st\u00e4rken wir Selbstvertrauen, Freude am Lernen und die individuellen Begabungen jedes Kindes.<\/p><\/div><\/div>\n<\/div>\n\n\n\n<div class=\"wp-block-uagb-container uagb-layout-grid uagb-block-e8663822\">\n<div class=\"wp-block-uagb-container uagb-block-c830bed9\">\n<div class=\"wp-block-uagb-info-box uagb-block-4e09f961 uagb-infobox__content-wrap  uagb-infobox-icon-above-title uagb-infobox-image-valign-top\"><div class=\"uagb-ifb-content\"><div class=\"uagb-ifb-icon-wrap\"><svg xmlns=\"https:\/\/www.w3.org\/2000\/svg\" viewBox=\"0 0 512 512\"><path d=\"M0 190.9V185.1C0 115.2 50.52 55.58 119.4 44.1C164.1 36.51 211.4 51.37 244 84.02L256 96L267.1 84.02C300.6 51.37 347 36.51 392.6 44.1C461.5 55.58 512 115.2 512 185.1V190.9C512 232.4 494.8 272.1 464.4 300.4L283.7 469.1C276.2 476.1 266.3 480 256 480C245.7 480 235.8 476.1 228.3 469.1L47.59 300.4C17.23 272.1 .0003 232.4 .0003 190.9L0 190.9z\"><\/path><\/svg><\/div><div class=\"uagb-ifb-title-wrap\"><h5 class=\"uagb-ifb-title\">Freundlichkeit<\/h5><\/div><p class=\"uagb-ifb-desc\">Wir legen Wert auf eine respektvolle und unterst\u00fctzende Schulgemeinschaft, in der sich alle wohlf\u00fchlen und wertgesch\u00e4tzt werden.<\/p><\/div><\/div>\n<\/div>\n\n\n\n<div class=\"wp-block-uagb-container uagb-block-255a54ca\">\n<div class=\"wp-block-uagb-info-box uagb-block-36bdcb42 uagb-infobox__content-wrap  uagb-infobox-icon-above-title uagb-infobox-image-valign-top\"><div class=\"uagb-ifb-content\"><div class=\"uagb-ifb-icon-wrap\"><svg xmlns=\"https:\/\/www.w3.org\/2000\/svg\" viewBox=\"0 0 512 512\"><path d=\"M0 256C0 114.6 114.6 0 256 0C397.4 0 512 114.6 512 256C512 397.4 397.4 512 256 512C114.6 512 0 397.4 0 256zM164.1 325.5C158.3 318.8 148.2 318.1 141.5 323.9C134.8 329.7 134.1 339.8 139.9 346.5C162.1 372.1 200.9 400 255.1 400C311.1 400 349.8 372.1 372.1 346.5C377.9 339.8 377.2 329.7 370.5 323.9C363.8 318.1 353.7 318.8 347.9 325.5C329.9 346.2 299.4 368 255.1 368C212.6 368 182 346.2 164.1 325.5H164.1zM176.4 176C158.7 176 144.4 190.3 144.4 208C144.4 225.7 158.7 240 176.4 240C194 240 208.4 225.7 208.4 208C208.4 190.3 194 176 176.4 176zM336.4 240C354 240 368.4 225.7 368.4 208C368.4 190.3 354 176 336.4 176C318.7 176 304.4 190.3 304.4 208C304.4 225.7 318.7 240 336.4 240z\"><\/path><\/svg><\/div><div class=\"uagb-ifb-title-wrap\"><h5 class=\"uagb-ifb-title\">Emotionale Entwicklung<\/h5><\/div><p class=\"uagb-ifb-desc\">Wir f\u00f6rdern soziale und emotionale Kompetenzen, um unsere Sch\u00fclerInnen auf das Leben vorzubereiten.<\/p><\/div><\/div>\n<\/div>\n\n\n\n<div class=\"wp-block-uagb-container uagb-block-a42f99ec\">\n<div class=\"wp-block-uagb-info-box uagb-block-db732605 uagb-infobox__content-wrap  uagb-infobox-icon-above-title uagb-infobox-image-valign-top\"><div class=\"uagb-ifb-content\"><div class=\"uagb-ifb-icon-wrap\"><svg xmlns=\"https:\/\/www.w3.org\/2000\/svg\" viewBox=\"0 0 512 512\"><path d=\"M500.3 7.251C507.7 13.33 512 22.41 512 31.1V175.1C512 202.5 483.3 223.1 447.1 223.1C412.7 223.1 383.1 202.5 383.1 175.1C383.1 149.5 412.7 127.1 447.1 127.1V71.03L351.1 90.23V207.1C351.1 234.5 323.3 255.1 287.1 255.1C252.7 255.1 223.1 234.5 223.1 207.1C223.1 181.5 252.7 159.1 287.1 159.1V63.1C287.1 48.74 298.8 35.61 313.7 32.62L473.7 .6198C483.1-1.261 492.9 1.173 500.3 7.251H500.3zM74.66 303.1L86.5 286.2C92.43 277.3 102.4 271.1 113.1 271.1H174.9C185.6 271.1 195.6 277.3 201.5 286.2L213.3 303.1H239.1C266.5 303.1 287.1 325.5 287.1 351.1V463.1C287.1 490.5 266.5 511.1 239.1 511.1H47.1C21.49 511.1-.0019 490.5-.0019 463.1V351.1C-.0019 325.5 21.49 303.1 47.1 303.1H74.66zM143.1 359.1C117.5 359.1 95.1 381.5 95.1 407.1C95.1 434.5 117.5 455.1 143.1 455.1C170.5 455.1 191.1 434.5 191.1 407.1C191.1 381.5 170.5 359.1 143.1 359.1zM440.3 367.1H496C502.7 367.1 508.6 372.1 510.1 378.4C513.3 384.6 511.6 391.7 506.5 396L378.5 508C372.9 512.1 364.6 513.3 358.6 508.9C352.6 504.6 350.3 496.6 353.3 489.7L391.7 399.1H336C329.3 399.1 323.4 395.9 321 389.6C318.7 383.4 320.4 376.3 325.5 371.1L453.5 259.1C459.1 255 467.4 254.7 473.4 259.1C479.4 263.4 481.6 271.4 478.7 278.3L440.3 367.1zM116.7 219.1L19.85 119.2C-8.112 90.26-6.614 42.31 24.85 15.34C51.82-8.137 93.26-3.642 118.2 21.83L128.2 32.32L137.7 21.83C162.7-3.642 203.6-8.137 231.6 15.34C262.6 42.31 264.1 90.26 236.1 119.2L139.7 219.1C133.2 225.6 122.7 225.6 116.7 219.1H116.7z\"><\/path><\/svg><\/div><div class=\"uagb-ifb-title-wrap\"><h5 class=\"uagb-ifb-title\">Kreativit\u00e4t<\/h5><\/div><p class=\"uagb-ifb-desc\">Durch kreative Lernmethoden und Projekte geben wir den Sch\u00fclerinnen und Sch\u00fclern Raum, ihre Ideen zu entfalten und neue L\u00f6sungen zu entdecken.<\/p><\/div><\/div>\n<\/div>\n\n\n\n<div class=\"wp-block-uagb-container uagb-block-53055b7e\">\n<div class=\"wp-block-uagb-info-box uagb-block-7c8453a4 uagb-infobox__content-wrap  uagb-infobox-icon-above-title uagb-infobox-image-valign-top\"><div class=\"uagb-ifb-content\"><div class=\"uagb-ifb-icon-wrap\"><svg xmlns=\"https:\/\/www.w3.org\/2000\/svg\" viewBox=\"0 0 512 512\"><path d=\"M352 96C352 110.3 348.9 123.9 343.2 136.2L396 227.4C372.3 252.7 341.9 271.5 307.6 281L256 192H255.1L187.9 309.5C209.4 316.3 232.3 320 256 320C326.7 320 389.8 287.3 430.9 235.1C441.9 222.2 462.1 219.1 475.9 231C489.7 242.1 491.9 262.2 480.8 276C428.1 341.8 346.1 384 256 384C220.6 384 186.6 377.6 155.3 365.9L98.65 463.7C93.95 471.8 86.97 478.4 78.58 482.6L23.16 510.3C18.2 512.8 12.31 512.5 7.588 509.6C2.871 506.7 0 501.5 0 496V440.6C0 432.2 2.228 423.9 6.46 416.5L66.49 312.9C53.66 301.6 41.84 289.3 31.18 276C20.13 262.2 22.34 242.1 36.13 231C49.92 219.1 70.06 222.2 81.12 235.1C86.79 243.1 92.87 249.8 99.34 256.1L168.8 136.2C163.1 123.9 160 110.3 160 96C160 42.98 202.1 0 256 0C309 0 352 42.98 352 96L352 96zM256 128C273.7 128 288 113.7 288 96C288 78.33 273.7 64 256 64C238.3 64 224 78.33 224 96C224 113.7 238.3 128 256 128zM372.1 393.9C405.5 381.1 435.5 363.2 461.8 341L505.5 416.5C509.8 423.9 512 432.2 512 440.6V496C512 501.5 509.1 506.7 504.4 509.6C499.7 512.5 493.8 512.8 488.8 510.3L433.4 482.6C425 478.4 418.1 471.8 413.3 463.7L372.1 393.9z\"><\/path><\/svg><\/div><div class=\"uagb-ifb-title-wrap\"><h5 class=\"uagb-ifb-title\">Innovation<\/h5><\/div><p class=\"uagb-ifb-desc\">Wir setzen auf moderne Lehrmethoden und digitale Werkzeuge, um den bestm\u00f6glichen Lernprozess f\u00fcr die Zukunft zu gestalten.<\/p><\/div><\/div>\n<\/div>\n<\/div>\n<\/div>\n<\/div><\/div>\n\n\n\n<div class=\"wp-block-uagb-container uagb-block-57242a91 alignfull uagb-is-root-container\"><div class=\"uagb-container-inner-blocks-wrap\">\n<div class=\"wp-block-uagb-info-box uagb-block-2dda73fb uagb-infobox__content-wrap  uagb-infobox-icon-above-title uagb-infobox-image-valign-top\"><div class=\"uagb-ifb-content\"><div class=\"uagb-ifb-title-wrap\"><h3 class=\"uagb-ifb-title\">Mehr als ein Ort des Lernens<\/h3><\/div><p class=\"uagb-ifb-desc\">Haben Sie Fragen oder Anliegen? Kontaktieren Sie uns \u2013 wir sind gerne f\u00fcr Sie da!<\/p><div class=\"uagb-ifb-button-wrapper wp-block-button\"><a href=\"https:\/\/www.vs-aschach-donau.at\/wp\/kontakt\/\" class=\"uagb-infobox-cta-link wp-block-button__link\" target=\"_self\" rel=\"noopener noreferrer\" onclick=\"return true;\"><span class=\"uagb-inline-editing\">Kontakt aufnehmen<\/span><\/a><\/div><\/div><\/div>\n<\/div><\/div>\n","protected":false},"excerpt":{"rendered":"","protected":false},"author":1,"featured_media":0,"parent":0,"menu_order":0,"comment_status":"closed","ping_status":"closed","template":"","meta":{"_acf_changed":false,"_uag_custom_page_level_css":"","site-sidebar-layout":"no-sidebar","site-content-layout":"page-builder","ast-site-content-layout":"full-width-container","site-content-style":"unboxed","site-sidebar-style":"unboxed","ast-global-header-display":"","ast-banner-title-visibility":"","ast-main-header-display":"","ast-hfb-above-header-display":"","ast-hfb-below-header-display":"","ast-hfb-mobile-header-display":"","site-post-title":"disabled","ast-breadcrumbs-content":"","ast-featured-img":"disabled","footer-sml-layout":"","theme-transparent-header-meta":"enabled","adv-header-id-meta":"","stick-header-meta":"","header-above-stick-meta":"","header-main-stick-meta":"","header-below-stick-meta":"","astra-migrate-meta-layouts":"set","ast-page-background-enabled":"default","ast-page-background-meta":{"desktop":{"background-color":"var(--ast-global-color-4)","background-image":"","background-repeat":"repeat","background-position":"center center","background-size":"auto","background-attachment":"scroll","background-type":"","background-media":"","overlay-type":"","overlay-color":"","overlay-opacity":"","overlay-gradient":""},"tablet":{"background-color":"","background-image":"","background-repeat":"repeat","background-position":"center center","background-size":"auto","background-attachment":"scroll","background-type":"","background-media":"","overlay-type":"","overlay-color":"","overlay-opacity":"","overlay-gradient":""},"mobile":{"background-color":"","background-image":"","background-repeat":"repeat","background-position":"center center","background-size":"auto","background-attachment":"scroll","background-type":"","background-media":"","overlay-type":"","overlay-color":"","overlay-opacity":"","overlay-gradient":""}},"ast-content-background-meta":{"desktop":{"background-color":"var(--ast-global-color-5)","background-image":"","background-repeat":"repeat","background-position":"center center","background-size":"auto","background-attachment":"scroll","background-type":"","background-media":"","overlay-type":"","overlay-color":"","overlay-opacity":"","overlay-gradient":""},"tablet":{"background-color":"var(--ast-global-color-5)","background-image":"","background-repeat":"repeat","background-position":"center center","background-size":"auto","background-attachment":"scroll","background-type":"","background-media":"","overlay-type":"","overlay-color":"","overlay-opacity":"","overlay-gradient":""},"mobile":{"background-color":"var(--ast-global-color-5)","background-image":"","background-repeat":"repeat","background-position":"center center","background-size":"auto","background-attachment":"scroll","background-type":"","background-media":"","overlay-type":"","overlay-color":"","overlay-opacity":"","overlay-gradient":""}},"footnotes":""},"class_list":["post-1390","page","type-page","status-publish","hentry"],"acf":[],"uagb_featured_image_src":{"full":false,"thumbnail":false,"medium":false,"medium_large":false,"large":false,"1536x1536":false,"2048x2048":false},"uagb_author_info":{"display_name":"webdotshero","author_link":"https:\/\/www.vs-aschach-donau.at\/wp\/author\/webdotshero\/"},"uagb_comment_info":0,"uagb_excerpt":null,"_links":{"self":[{"href":"https:\/\/www.vs-aschach-donau.at\/wp\/wp-json\/wp\/v2\/pages\/1390","targetHints":{"allow":["GET"]}}],"collection":[{"href":"https:\/\/www.vs-aschach-donau.at\/wp\/wp-json\/wp\/v2\/pages"}],"about":[{"href":"https:\/\/www.vs-aschach-donau.at\/wp\/wp-json\/wp\/v2\/types\/page"}],"author":[{"embeddable":true,"href":"https:\/\/www.vs-aschach-donau.at\/wp\/wp-json\/wp\/v2\/users\/1"}],"replies":[{"embeddable":true,"href":"https:\/\/www.vs-aschach-donau.at\/wp\/wp-json\/wp\/v2\/comments?post=1390"}],"version-history":[{"count":105,"href":"https:\/\/www.vs-aschach-donau.at\/wp\/wp-json\/wp\/v2\/pages\/1390\/revisions"}],"predecessor-version":[{"id":4912,"href":"https:\/\/www.vs-aschach-donau.at\/wp\/wp-json\/wp\/v2\/pages\/1390\/revisions\/4912"}],"wp:attachment":[{"href":"https:\/\/www.vs-aschach-donau.at\/wp\/wp-json\/wp\/v2\/media?parent=1390"}],"curies":[{"name":"wp","href":"https:\/\/api.w.org\/{rel}","templated":true}]}}